{"id":71,"date":"2017-01-04T12:33:49","date_gmt":"2017-01-04T10:33:49","guid":{"rendered":"https:\/\/merklinde.wordpress.com\/?page_id=71"},"modified":"2017-05-03T11:35:02","modified_gmt":"2017-05-03T09:35:02","slug":"impressum","status":"publish","type":"page","link":"https:\/\/wir-sind-merklinde.de\/?page_id=71","title":{"rendered":"Impressum"},"content":{"rendered":"<h4 class=\"entry-title\">Verantwortlich f\u00fcr den Inhalt<\/h4>\n<div class=\"entry-content description clearfix\">\n<p>B\u00fcrgerverein<br \/>\n&#8222;Wir sind Merklinde e.V.&#8220;<br \/>\nc\/o Willi M\u00fcller<br \/>\n<span style=\"font-size: 1rem;\">Gerther Str. 81<br \/>\n<\/span><span style=\"font-size: 1rem;\">44577 Castrop-Rauxel<br \/>\n<\/span><span style=\"font-size: 1rem;\">Telefon: 02305 &#8211; 30 99 185<\/span><\/p>\n<p><strong>E-Mail<\/strong>:\u00a0<a title=\"Kontakt\" href=\"mailto:merklinde@gmx.net\">merklinde@gmx.net<\/a><br \/>\n<strong>Website<\/strong>:\u00a0<a title=\"Ickern\" href=\"http:\/\/www.wir-in-merklinde.de\/\">www.wir-sind-merklinde.de<\/a><\/p>\n<h4>Vereinsregister<\/h4>\n<p>Nr. 7242<br \/>\nAmtsgericht Dortmund<\/p>\n<h4><strong>Webseite \u2013 Konzeption, Gestaltung<br \/>\n<\/strong><strong style=\"font-size: 1rem;\">und technische Umsetzung:<\/strong><\/h4>\n<p>Martin Schr\u00f6der<\/p>\n<h4>Startseitenfoto:<\/h4>\n<p>Mit freundlicher Unterst\u00fctzung von<br \/>\nAchim Heger \u00a9<\/p>\n<h4><strong>Vertretungsberechtigt:\u00a0<\/strong><\/h4>\n<p>Willi M\u00fcller<\/p>\n<p>Inhaltlich Verantwortlicher gem\u00e4\u00df \u00a7 10 Absatz 3 MDStV:<br \/>\n1. Vorsitzender: Willi M\u00fcller<\/p>\n<h4><strong>Haftungsausschluss<\/strong>:<\/h4>\n<p>Der Betreiber der Seite ist nicht verantwortlich f\u00fcr die Inhalte externer Internetseiten auf die diese Internetpr\u00e4senz verweist. Bei den dort zur Verf\u00fcgung stehenden Angeboten handelt es sich um Fremdinhalte, die sich der Betreiber nicht zu eigen macht. Dennoch bitten wir um einen Hinweis, wenn Sie Kenntnis davon erlangen, dass die von uns verlinkten Seiten inhaltlich Anlass zur Beanstandung geben. Dar\u00fcber hinaus \u00fcbernehmen wir keine Verantwortung f\u00fcr die Inhalte der Seiten, die auf unsere Internetpr\u00e4senz verweisen.<\/p>\n<\/div>\n","protected":false},"excerpt":{"rendered":"<p>Verantwortlich f\u00fcr den Inhalt B\u00fcrgerverein &#8222;Wir sind Merklinde e.V.&#8220; c\/o Willi M\u00fcller Gerther Str. 81 44577 Castrop-Rauxel Telefon: 02305 &#8211; 30 99 185 E-Mail:\u00a0merklinde@gmx.net Website:\u00a0www.wir-sind-merklinde.de Vereinsregister Nr. 7242 Amtsgericht Dortmund &hellip; <\/p>\n<p class=\"link-more\"><a href=\"https:\/\/wir-sind-merklinde.de\/?page_id=71\" class=\"more-link\"><span class=\"screen-reader-text\">\u201eImpressum\u201c <\/span>weiterlesen<\/a><\/p>\n","protected":false},"author":2,"featured_media":0,"parent":39,"menu_order":4,"comment_status":"closed","ping_status":"closed","template":"","meta":{"footnotes":""},"class_list":["post-71","page","type-page","status-publish","hentry"],"jetpack_sharing_enabled":false,"_links":{"self":[{"href":"https:\/\/wir-sind-merklinde.de\/index.php?rest_route=\/wp\/v2\/pages\/71","targetHints":{"allow":["GET"]}}],"collection":[{"href":"https:\/\/wir-sind-merklinde.de\/index.php?rest_route=\/wp\/v2\/pages"}],"about":[{"href":"https:\/\/wir-sind-merklinde.de\/index.php?rest_route=\/wp\/v2\/types\/page"}],"author":[{"embeddable":true,"href":"https:\/\/wir-sind-merklinde.de\/index.php?rest_route=\/wp\/v2\/users\/2"}],"replies":[{"embeddable":true,"href":"https:\/\/wir-sind-merklinde.de\/index.php?rest_route=%2Fwp%2Fv2%2Fcomments&post=71"}],"version-history":[{"count":18,"href":"https:\/\/wir-sind-merklinde.de\/index.php?rest_route=\/wp\/v2\/pages\/71\/revisions"}],"predecessor-version":[{"id":422,"href":"https:\/\/wir-sind-merklinde.de\/index.php?rest_route=\/wp\/v2\/pages\/71\/revisions\/422"}],"up":[{"embeddable":true,"href":"https:\/\/wir-sind-merklinde.de\/index.php?rest_route=\/wp\/v2\/pages\/39"}],"wp:attachment":[{"href":"https:\/\/wir-sind-merklinde.de\/index.php?rest_route=%2Fwp%2Fv2%2Fmedia&parent=71"}],"curies":[{"name":"wp","href":"https:\/\/api.w.org\/{rel}","templated":true}]}}