{"id":102,"date":"2017-01-23T16:28:07","date_gmt":"2017-01-23T15:28:07","guid":{"rendered":"https:\/\/merklinde.wordpress.com\/?page_id=102"},"modified":"2017-09-13T21:08:31","modified_gmt":"2017-09-13T19:08:31","slug":"verein-gegruendet","status":"publish","type":"page","link":"https:\/\/wir-sind-merklinde.de\/?page_id=102","title":{"rendered":"Verein &#8222;Wir sind Merklinde&#8220; gegr\u00fcndet"},"content":{"rendered":"<h5>20.01.2017<\/h5>\n<p>Am heutigen Freitag (20.01.2017) fand die Gr\u00fcndungsversammlung des B\u00fcrgerverein Merklinde im B\u00fcrgerzentrum Merklinde statt. Der Verein ist nun durch die anwesenden Mitglieder offiziell gegr\u00fcndet\u00a0worden und wird zuk\u00fcnftig unter dem Vereinsnamen &#8222;Wir sind Merklinde e.V.&#8220; aktiv sein.<\/p>\n<figure id=\"attachment_264\" aria-describedby=\"caption-attachment-264\" style=\"width: 300px\" class=\"wp-caption alignleft\"><img loading=\"lazy\" decoding=\"async\" class=\"wp-image-264 size-medium\" src=\"https:\/\/wir-sind-merklinde.de\/wp-content\/uploads\/2017\/01\/6011141_m3t1w624h350v63636_0123cr-Wir_sind_Merklinde_01-300x168.jpg\" width=\"300\" height=\"168\" srcset=\"https:\/\/wir-sind-merklinde.de\/wp-content\/uploads\/2017\/01\/6011141_m3t1w624h350v63636_0123cr-Wir_sind_Merklinde_01-300x168.jpg 300w, https:\/\/wir-sind-merklinde.de\/wp-content\/uploads\/2017\/01\/6011141_m3t1w624h350v63636_0123cr-Wir_sind_Merklinde_01.jpg 624w\" sizes=\"auto, (max-width: 300px) 100vw, 300px\" \/><figcaption id=\"caption-attachment-264\" class=\"wp-caption-text\">Foto der Gr\u00fcndungsversammlung vom 20.01.2017 (Quelle Ruhrnachrichten)<\/figcaption><\/figure>\n","protected":false},"excerpt":{"rendered":"<p>20.01.2017 Am heutigen Freitag (20.01.2017) fand die Gr\u00fcndungsversammlung des B\u00fcrgerverein Merklinde im B\u00fcrgerzentrum Merklinde statt. Der Verein ist nun durch die anwesenden Mitglieder offiziell gegr\u00fcndet\u00a0worden und wird zuk\u00fcnftig unter dem &hellip; <\/p>\n<p class=\"link-more\"><a href=\"https:\/\/wir-sind-merklinde.de\/?page_id=102\" class=\"more-link\"><span class=\"screen-reader-text\">\u201eVerein &#8222;Wir sind Merklinde&#8220; gegr\u00fcndet\u201c <\/span>weiterlesen<\/a><\/p>\n","protected":false},"author":2,"featured_media":0,"parent":67,"menu_order":0,"comment_status":"closed","ping_status":"closed","template":"","meta":{"footnotes":""},"class_list":["post-102","page","type-page","status-publish","hentry"],"jetpack_sharing_enabled":false,"_links":{"self":[{"href":"https:\/\/wir-sind-merklinde.de\/index.php?rest_route=\/wp\/v2\/pages\/102","targetHints":{"allow":["GET"]}}],"collection":[{"href":"https:\/\/wir-sind-merklinde.de\/index.php?rest_route=\/wp\/v2\/pages"}],"about":[{"href":"https:\/\/wir-sind-merklinde.de\/index.php?rest_route=\/wp\/v2\/types\/page"}],"author":[{"embeddable":true,"href":"https:\/\/wir-sind-merklinde.de\/index.php?rest_route=\/wp\/v2\/users\/2"}],"replies":[{"embeddable":true,"href":"https:\/\/wir-sind-merklinde.de\/index.php?rest_route=%2Fwp%2Fv2%2Fcomments&post=102"}],"version-history":[{"count":11,"href":"https:\/\/wir-sind-merklinde.de\/index.php?rest_route=\/wp\/v2\/pages\/102\/revisions"}],"predecessor-version":[{"id":490,"href":"https:\/\/wir-sind-merklinde.de\/index.php?rest_route=\/wp\/v2\/pages\/102\/revisions\/490"}],"up":[{"embeddable":true,"href":"https:\/\/wir-sind-merklinde.de\/index.php?rest_route=\/wp\/v2\/pages\/67"}],"wp:attachment":[{"href":"https:\/\/wir-sind-merklinde.de\/index.php?rest_route=%2Fwp%2Fv2%2Fmedia&parent=102"}],"curies":[{"name":"wp","href":"https:\/\/api.w.org\/{rel}","templated":true}]}}